{"id":139,"date":"2025-02-21T14:16:48","date_gmt":"2025-02-21T14:16:48","guid":{"rendered":"http:\/\/www.fionasironic.de\/?page_id=139"},"modified":"2026-04-27T10:57:40","modified_gmt":"2026-04-27T10:57:40","slug":"termine","status":"publish","type":"page","link":"http:\/\/www.fionasironic.de\/?page_id=139","title":{"rendered":"Termine"},"content":{"rendered":"\n<h5 class=\"wp-block-heading\"><\/h5>\n\n\n\n<h5 class=\"wp-block-heading\">2026<\/h5>\n\n\n\n<p>7. Mai 2026: <a href=\"https:\/\/www.hs-esslingen.de\/soziale-arbeit-bildung-und-pflege\/fakultaet\/aktuelles\/veranstaltungen\/lesung-fiona-sironic-07052026\">Hochschule Esslingen<\/a><\/p>\n\n\n\n<p>27. Mai 2026: <em>Kreativ f\u00fcr den Algorithmus: Ein Dialog zwischen Literatur &amp; Digitalit\u00e4t<\/em> mit Clarissa Walter, <a href=\"https:\/\/www.lettretage.de\/programm\/kreativ-fur-den-algorithmus-ein-dialog-zwischen-literatur-digitalitat\">Lettretage, Berlin<\/a><\/p>\n\n\n\n<p>29. Mai 2026: <a href=\"https:\/\/blechsonne.org\/de\/lineup\">Blechsonne Festival<\/a><\/p>\n\n\n\n<p>2. Juni 2026: <a href=\"https:\/\/www.buchladen-ostertor.de\/veranstaltungen\/lesung-mit-fiona-sironic-am-samstag-gehen-die-m%C3%A4dchen-den-wald-und-jagen-sachen-die\">Buchhandlung Ostertor<\/a>, Bremen<\/p>\n\n\n\n<p><\/p>\n\n\n\n<p><\/p>\n\n\n\n<div style=\"height:100px\" aria-hidden=\"true\" class=\"wp-block-spacer\"><\/div>\n\n\n\n<h2 class=\"wp-block-heading\">Vergangenes (Auswahl)<\/h2>\n\n\n\n<h5 class=\"wp-block-heading\"><strong>Lesungen aus <em>Am Samstag gehen die M\u00e4dchen in den Wald und jagen Sachen in die Luft<\/em> <\/strong><\/h5>\n\n\n\n<p><\/p>\n\n\n\n<p><strong>M\u00e4rz 2026<\/strong><\/p>\n\n\n\n<ul class=\"wp-block-list\">\n<li>17. M\u00e4rz 2026: Feministische Bibliothek Frankfurt am Main<\/li>\n\n\n\n<li>18. M\u00e4rz 2026: <a href=\"https:\/\/www.wuerzburg.de\/themen\/kultur-bildung-kulturangebot\/stadtbuecherei\/veranstaltungen\/autorenlesungen\/547435.Fiona-Sironic-Am-Samstag-gehen-die-Maedchen-in-den-Wald-und-jagen-Sachen-in-die-Luft.html\">Stadtb\u00fccherei W\u00fcrzburg<\/a><\/li>\n\n\n\n<li>20. M\u00e4rz 2026: <a href=\"https:\/\/lcb.de\/programm\/prosa-prognosen-26\/\">Prosaprognosen, Leipziger Buchmesse <\/a><\/li>\n\n\n\n<li>29. M\u00e4rz 2026: <a href=\"https:\/\/annoliteratursonntag.wordpress.com\/\">Anno Literatur Sonntag, Wien<\/a><\/li>\n<\/ul>\n\n\n\n<p><strong>Februar 2026<\/strong><\/p>\n\n\n\n<ul class=\"wp-block-list\">\n<li>5. Februar 2026: <a href=\"https:\/\/www.harpercollins.de\/pages\/veranstaltungen\/6806-fiona-sironic-liest-im-goethe-institut-in-prag\">Goethe Institut Prag<\/a><\/li>\n\n\n\n<li>14. Februar 2026: M\u00fcnchen (TBA)<\/li>\n\n\n\n<li>17. Februar 2026: <em>Meet the author<\/em> &#8211; <a href=\"https:\/\/www.goethe.de\/ins\/gb\/de\/ver.cfm?event_id=27188047\">Digitales Event des Goethe Instituts<\/a><\/li>\n<\/ul>\n\n\n\n<p><\/p>\n\n\n\n<p><strong>Januar 2026<\/strong><\/p>\n\n\n\n<ul class=\"wp-block-list\">\n<li>15. Januar 2026: Universit\u00e4t K\u00f6ln<\/li>\n\n\n\n<li>19. Januar 2026: <a href=\"https:\/\/mcg-neuss.eu\/mcg-events\/autorenlesung-am-mcg-einladung-zur-lesung-mit-fiona-sironic\/\">Marie Curie Gymnasium Neuss<\/a><\/li>\n\n\n\n<li>20. Januar 2026: <a href=\"https:\/\/www.moers.de\/veranstaltungen\/lesung-mit-fiona-sironic-am-samstag-gehen-die-maedchen-den-wald-und-jagen-sachen\">Stadtbibliothek Moers<\/a><\/li>\n<\/ul>\n\n\n\n<p><strong>November\/Dezember<\/strong> <strong>2025<\/strong><\/p>\n\n\n\n<ul class=\"wp-block-list\">\n<li>7. November 2025: Open Mike Deb\u00fctantinnenlesung, Berlin<\/li>\n\n\n\n<li>10. November 2025: <a href=\"https:\/\/www.harpercollins.de\/pages\/veranstaltungen\/5810-fiona-sironic-liest-im-literaturhaus-graz\">Literaturhaus Graz<\/a><\/li>\n\n\n\n<li>27. November 2025: G\u00f6ttinger Deb\u00fctantinnenball<\/li>\n\n\n\n<li>9. Dezember 2025: <em>Generationengespr\u00e4ch<\/em> mit Gabrielle Alioth, Moderation: Julia R\u00fcegger, <a href=\"https:\/\/www.harpercollins.de\/pages\/veranstaltungen\/5852-fiona-sironic-liest-im-literaturhaus-basel\">Literaturhaus Basel<\/a><\/li>\n<\/ul>\n\n\n\n<p><strong>Lesungen im Rahmen der Nominierung zum Deutschen Buchpreis 2025<\/strong><\/p>\n\n\n\n<ul class=\"wp-block-list\">\n<li>2. September 2025: <a href=\"https:\/\/www.literaturhaus-hamburg.de\/veranstaltungen\/deutscher-buchpreis-2025-grosser-longlist-abend-2025-09-02\/\">Longlistlesung des Deutschen Buchpreises<\/a>, Literaturhaus Hamburg<\/li>\n\n\n\n<li>30. September: Shortlist-Lesung, Berlin<\/li>\n\n\n\n<li><s>5. Oktober: Shortlist-Lesung, Frankfurt<\/s> (abgesagt wegen Krankheit)<\/li>\n<\/ul>\n\n\n\n<p><strong>September 2025 in Deutschland<\/strong><\/p>\n\n\n\n<p>13. September: <a href=\"https:\/\/www.bonn.de\/veranstaltungskalender\/veranstaltungen\/hauptkalender\/extern\/LIT.MOVE-MIT-CARLA-KASPARI-SAMUEL-KRAMER-BASTIAN-SCHNEIDER-FIONA-SIRONIC-UND-STEFANIE-DE-VELASCO.php\">LitMove, Literaturhaus Bonn<\/a><\/p>\n\n\n\n<p><strong>August 2025 in Wien<\/strong><\/p>\n\n\n\n<ul class=\"wp-block-list\">\n<li>7. August 2025: <a href=\"https:\/\/www.kultursommer.wien\/kalender#kalender\/slot\/1740168703681\"><em>W\u00e4lder &amp; L\u00f6wengruben<\/em> &#8211; Fiona Sironic und Timo Brandt, <\/a>Kultursommer Wien<\/li>\n\n\n\n<li>14. August 2025: <a href=\"https:\/\/o-toene.at\/fiona-sironic\/\">O-T\u00f6ne, zusammen mit Raphaela Edelbauer<\/a>, MQ Wien<\/li>\n<\/ul>\n\n\n\n<p><strong>Juli 2025 in NRW<\/strong><\/p>\n\n\n\n<ul class=\"wp-block-list\">\n<li>3. Juli 2025: <a href=\"https:\/\/www.literaturbuero-nrw.de\/kalender\/2025\/die-neue-deutsche-seltsamkeit-mit-fiona-sironic-und-elias\"><em>Die neue deutsche Seltsamkeit<\/em> mit Fiona Sironic und Elias Hirschl,<\/a> Literaturb\u00fcro NRW, D\u00fcsseldorf<\/li>\n\n\n\n<li>18. Juli 2025: Aachen, <a href=\"https:\/\/litbueroemr.de\/veranstaltungen\/2025-07-18-fiona-sironic\">Leselust auf dem Lousberg<\/a><\/li>\n<\/ul>\n\n\n\n<p><strong>Juni 2025<\/strong><\/p>\n\n\n\n<ul class=\"wp-block-list\">\n<li>11. Juni 2025: <a href=\"https:\/\/stjakobi.de\/veranstaltungen\/hildesheimer-debuets-spezial-fiona-sironic-und-markus-thielemann\">Literaturhaus St. Jakobi, Hildesheim<\/a><\/li>\n\n\n\n<li>15. Juni 2025: Literatur unter der Sonne, Open Air des Anno Literatur Sonntag, Wien<\/li>\n\n\n\n<li>27. Juni 2025: <a href=\"https:\/\/literaturhaus-koeln.de\/programm\/zwischen-miete-surprise-2025\/\">zwischen\/miete<\/a>, K\u00f6ln<\/li>\n<\/ul>\n\n\n\n<p><\/p>\n\n\n\n<p><strong>Deutschlandtermine Mai<\/strong> <strong>2025<\/strong><\/p>\n\n\n\n<ul class=\"wp-block-list\">\n<li>22. Mai 2025: <a href=\"https:\/\/www.crespo-foundation.de\/de\/termine\/wortmeldungen-sprengkraft-zukunft-metaverse\">Crespo Open Space, Frankfurt<\/a><\/li>\n\n\n\n<li>24. Mai 2025: <a href=\"https:\/\/felixjud.com\/news\/1-alsterliteraturfestival-24-mai-16-uhr-fiona-sironic-am-samstag-gehen-die-maedchen-in-den-wald-und-jagen-sachen-in-die-luft\/\">1. Alster Literaturfestival, Hamburg<\/a><\/li>\n\n\n\n<li>28. Mai 2025: <a href=\"https:\/\/www.danteconnection.de\/2025\/04\/12\/mittwoch-28-mai-2025\/\">Lesung in der Buchhandlung Dante Connection,<\/a> Berlin<\/li>\n\n\n\n<li>30. Mai 2025: Shortlistlesung im Rahmen des <a href=\"https:\/\/www.puchheim.de\/aktuelles\/kunst-und-kultur\/2025\/03\/puchheimer-buchpreis-2025-vier-titel-fuer-die-shortlist-ausgewaehlt\">Puchheimer Buchpreises<\/a>, Puchheim<\/li>\n\n\n\n<li>31. Mai 2025: <a href=\"https:\/\/kalender.friedrichshafen.de\/alle-termine\/detail\/veranstaltung\/lesung-und-gespraech-mit-fiona-sironic\/\">Kulturb\u00fcro Friedrichshafen<\/a><\/li>\n<\/ul>\n\n\n\n<p>8. &#8211; 16. Mai 2025: <strong>\u00d6sterreich<\/strong><\/p>\n\n\n\n<ul class=\"wp-block-list\">\n<li>8. Mai 2025: <a href=\"https:\/\/www.literaturhausmattersburg.at\/programm\/2025\/am-samstag-gehen-die-maedchen-in-den-wald\/\">Literaturhaus Mattersburg<\/a><\/li>\n\n\n\n<li>15. Mai 2025: <a href=\"https:\/\/www.musilmuseum.at\/aktuelles\/news-detailseite?tx_news_pi1%5Baction%5D=detail&amp;tx_news_pi1%5Bcontroller%5D=News&amp;tx_news_pi1%5Bnews%5D=3794&amp;cHash=ccc9c59bee93641ee44ffdfaa716c940\">Musilmuseum Klagenfurt<\/a><\/li>\n\n\n\n<li>16. Mai 2025: <a href=\"https:\/\/buchcafe-melange.com\/event\/16-mai-lesung-fiona-sironic-am-samstag-gehen-die-maedchen-in-den-wald-und-jagen-sachen-in-die-luft\/\">Buchcaf\u00e9 Melange, Wien<\/a><\/li>\n<\/ul>\n\n\n\n<p>15. April &#8211; 24. April 2025: <strong>Ruhrpott und Schleswig Holstein<\/strong><\/p>\n\n\n\n<ul class=\"wp-block-list\">\n<li>15. April 2025: <a href=\"https:\/\/www.eventbrite.de\/e\/fiona-sironic-am-samstag-gehen-die-madchen-in-den-wald-und-jagen-sachen-in-tickets-1205121483799\">Literaturhaus Dortmund<\/a><\/li>\n\n\n\n<li>17. April 2025: <a href=\"https:\/\/www.schauspielhausbochum.de\/de\/stuecke\/25047\/am-samstag-gehen-die-maedchen-in-den-wald-und-jagen\">Schauspielhaus Bochum, Lesung im Oval Office<\/a><\/li>\n\n\n\n<li>23 April 2025: <a href=\"https:\/\/literaturhaus-sh.de\/programm\/kalender.event.6040.html\">Literaturhaus Schleswig Holstein, Kiel<\/a><\/li>\n\n\n\n<li>24. April 2025: <a href=\"https:\/\/eventfrog.de\/de\/p\/theater-buehne\/lesungen\/am-samstag-gehen-die-maedchen-in-den-wald-und-jagen-sachen-in-7309887755437211689.html\">Buchhandlung Langenkamp, L\u00fcbeck<\/a><\/li>\n<\/ul>\n\n\n\n<p>27.-30. M\u00e4rz 2025: <strong>Leipziger Buchmesse<\/strong><\/p>\n\n\n\n<ul class=\"wp-block-list\">\n<li>27. M\u00e4rz 2025: <a href=\"https:\/\/www.leipziger-buchmesse.de\/pco-sprecher\/buchmesse\/679b9e877141ce877406c93b\">Lesung im <em>Drei der M\u00fcnze<\/em> im Rahmen von Leipzig liest<\/a><\/li>\n<\/ul>\n\n\n\n<ul class=\"wp-block-list\">\n<li>29. M\u00e4rz 2025: Gespr\u00e4ch mit Mephisto 97,6, Leipziger Buchmesse<\/li>\n<\/ul>\n\n\n\n<ul class=\"wp-block-list\">\n<li>30. M\u00e4rz 2025: <a href=\"https:\/\/www.leipziger-buchmesse.de\/pco-sprecher\/buchmesse\/679b9e877141ce877406c93b\">B\u00fccherfr\u00fchling: Deb\u00fctantinnen-Salon<\/a>, Leipziger Buchmesse, ARD, ZDF, 3Sat-Literaturb\u00fchne<\/li>\n<\/ul>\n\n\n\n<p>25. M\u00e4rz 2025: <em>Und fern die Zukunft? <\/em>mit Fiona Sironic und Timo Brandt.<em> <\/em><a href=\"https:\/\/alte-schmiede.at\/alte-schmiede\/recital-3\/fiona-sironic-timo-brandt\"><strong>Buchpremiere<\/strong> in der Alten Schmiede, Wien<\/a><\/p>\n\n\n\n<p><\/p>\n","protected":false},"excerpt":{"rendered":"<p>2026 7. Mai 2026: Hochschule Esslingen 27. Mai 2026: Kreativ f\u00fcr den Algorithmus: Ein Dialog zwischen Literatur &amp; Digitalit\u00e4t mit Clarissa Walter, Lettretage, Berlin 29. Mai 2026: Blechsonne Festival 2. Juni 2026: Buchhandlung Ostertor, Bremen Vergangenes (Auswahl) Lesungen aus Am Samstag gehen die M\u00e4dchen in den Wald und jagen Sachen in die Luft M\u00e4rz 2026&hellip; <a class=\"more-link\" href=\"http:\/\/www.fionasironic.de\/?page_id=139\">Continue reading <span class=\"screen-reader-text\">Termine<\/span><\/a><\/p>\n","protected":false},"author":1,"featured_media":0,"parent":0,"menu_order":0,"comment_status":"closed","ping_status":"closed","template":"","meta":{"footnotes":""},"class_list":["post-139","page","type-page","status-publish","hentry","entry"],"_links":{"self":[{"href":"http:\/\/www.fionasironic.de\/index.php?rest_route=\/wp\/v2\/pages\/139","targetHints":{"allow":["GET"]}}],"collection":[{"href":"http:\/\/www.fionasironic.de\/index.php?rest_route=\/wp\/v2\/pages"}],"about":[{"href":"http:\/\/www.fionasironic.de\/index.php?rest_route=\/wp\/v2\/types\/page"}],"author":[{"embeddable":true,"href":"http:\/\/www.fionasironic.de\/index.php?rest_route=\/wp\/v2\/users\/1"}],"replies":[{"embeddable":true,"href":"http:\/\/www.fionasironic.de\/index.php?rest_route=%2Fwp%2Fv2%2Fcomments&post=139"}],"version-history":[{"count":52,"href":"http:\/\/www.fionasironic.de\/index.php?rest_route=\/wp\/v2\/pages\/139\/revisions"}],"predecessor-version":[{"id":238,"href":"http:\/\/www.fionasironic.de\/index.php?rest_route=\/wp\/v2\/pages\/139\/revisions\/238"}],"wp:attachment":[{"href":"http:\/\/www.fionasironic.de\/index.php?rest_route=%2Fwp%2Fv2%2Fmedia&parent=139"}],"curies":[{"name":"wp","href":"https:\/\/api.w.org\/{rel}","templated":true}]}}